{"id":20,"date":"2021-06-04T07:49:54","date_gmt":"2021-06-04T07:49:54","guid":{"rendered":"https:\/\/adpcosmetics.com\/?page_id=20"},"modified":"2024-06-17T07:30:14","modified_gmt":"2024-06-17T07:30:14","slug":"noticias","status":"publish","type":"page","link":"https:\/\/adpcosmetics.com\/es\/noticias\/","title":{"rendered":"BLOG"},"content":{"rendered":"<div class=\"fusion-fullwidth fullwidth-box fusion-builder-row-1 fusion-flex-container nonhundred-percent-fullwidth non-hundred-percent-height-scrolling\" style=\"background-color: rgba(255,255,255,0);background-position: center center;background-repeat: no-repeat;border-width: 0px 0px 0px 0px;border-color:#e2e2e2;border-style:solid;\" ><div class=\"fusion-builder-row fusion-row fusion-flex-align-items-flex-start\" style=\"max-width:1331.2px;margin-left: calc(-4% \/ 2 );margin-right: calc(-4% \/ 2 );\"><div class=\"fusion-layout-column fusion_builder_column fusion-builder-column-0 fusion_builder_column_5_6 5_6 fusion-flex-column\"><div class=\"fusion-column-wrapper fusion-flex-justify-content-flex-start fusion-content-layout-column\" style=\"background-position:left top;background-repeat:no-repeat;-webkit-background-size:cover;-moz-background-size:cover;-o-background-size:cover;background-size:cover;padding: 0px 0px 0px 169px;\"><div ><span class=\" fusion-imageframe imageframe-none imageframe-1 hover-type-none\"><img width=\"825\" height=\"177\" alt=\"PROTECCION SOLAR\" title=\"COSMART\" src=\"https:\/\/adpcosmetics.com\/wp-content\/uploads\/2022\/09\/Diseno-sin-titulo-5.png\" class=\"img-responsive wp-image-2642\" srcset=\"https:\/\/adpcosmetics.com\/wp-content\/uploads\/2022\/09\/Diseno-sin-titulo-5-200x43.png 200w, https:\/\/adpcosmetics.com\/wp-content\/uploads\/2022\/09\/Diseno-sin-titulo-5-400x86.png 400w, https:\/\/adpcosmetics.com\/wp-content\/uploads\/2022\/09\/Diseno-sin-titulo-5-600x129.png 600w, https:\/\/adpcosmetics.com\/wp-content\/uploads\/2022\/09\/Diseno-sin-titulo-5-800x172.png 800w, https:\/\/adpcosmetics.com\/wp-content\/uploads\/2022\/09\/Diseno-sin-titulo-5.png 825w\" sizes=\"(max-width: 640px) 100vw, 825px\" \/><\/span><\/div><\/div><style type=\"text\/css\">.fusion-body .fusion-builder-column-0{width:83.333333333333% !important;order : 0;margin-top : 0px;margin-bottom : 20px;}.fusion-builder-column-0 > .fusion-column-wrapper {padding-top : 0px !important;padding-right : 0px !important;margin-right : 2.304%;padding-bottom : 0px !important;padding-left : 169px !important;margin-left : 2.304%;}@media only screen and (max-width:1024px) {.fusion-body .fusion-builder-column-0{width:83.333333333333% !important;order : 0;}.fusion-builder-column-0 > .fusion-column-wrapper {padding-top : 26px !important;margin-right : 2.304%;padding-left : 183.997px !important;margin-left : 2.304%;}}@media only screen and (max-width:640px) {.fusion-body .fusion-builder-column-0{width:100% !important;order : 0;}.fusion-builder-column-0 > .fusion-column-wrapper {padding-top : 29px !important;margin-right : 1.92%;padding-left : 26.997000000000014px !important;margin-left : 1.92%;}}<\/style><\/div><\/div><style type=\"text\/css\">.fusion-body .fusion-flex-container.fusion-builder-row-1{ padding-top : 0px;margin-top : 0px;padding-right : 0px;padding-bottom : 0px;margin-bottom : 0px;padding-left : 0px;}<\/style><\/div><div class=\"fusion-fullwidth fullwidth-box fusion-builder-row-2 fusion-flex-container hundred-percent-fullwidth non-hundred-percent-height-scrolling\" style=\"background-color: #575756;background-position: center center;background-repeat: no-repeat;border-width: 0px 0px 0px 0px;border-color:#e2e2e2;border-style:solid;\" ><div class=\"fusion-builder-row fusion-row fusion-flex-align-items-flex-start\" style=\"width:104% !important;max-width:104% !important;margin-left: calc(-4% \/ 2 );margin-right: calc(-4% \/ 2 );\"><div class=\"fusion-layout-column fusion_builder_column fusion-builder-column-1 fusion_builder_column_1_1 1_1 fusion-flex-column\"><div class=\"fusion-column-wrapper fusion-flex-justify-content-flex-start fusion-content-layout-column\" style=\"background-position:left top;background-repeat:no-repeat;-webkit-background-size:cover;-moz-background-size:cover;-o-background-size:cover;background-size:cover;padding: 0px 0px 0px 0px;\"><style type=\"text\/css\">@media only screen and (max-width:1024px) {.fusion-title.fusion-title-1{margin-top:10px!important; margin-right:0px!important;margin-bottom:15px!important;margin-left:0px!important;}}@media only screen and (max-width:640px) {.fusion-title.fusion-title-1{margin-top:10px!important; margin-right:0px!important;margin-bottom:10px!important; margin-left:0px!important;}}<\/style><div class=\"fusion-title title fusion-title-1 fusion-sep-none fusion-title-center fusion-title-text fusion-title-size-one\" style=\"margin-top:10px;margin-right:0px;margin-bottom:15px;margin-left:0px;\"><h1 class=\"title-heading-center\" style=\"margin:0;color:#ffffff;\">Para ser los primeros,<span class=\"naranja\">\u00a0hay que estar a la \u00faltima<\/span><\/h1><\/div><\/div><style type=\"text\/css\">.fusion-body .fusion-builder-column-1{width:100% !important;margin-top : 0px;margin-bottom : 0px;}.fusion-builder-column-1 > .fusion-column-wrapper {padding-top : 0px !important;padding-right : 0px !important;margin-right : 1.92%;padding-bottom : 0px !important;padding-left : 0px !important;margin-left : 1.92%;}@media only screen and (max-width:1024px) {.fusion-body .fusion-builder-column-1{width:100% !important;order : 0;}.fusion-builder-column-1 > .fusion-column-wrapper {margin-right : 1.92%;margin-left : 1.92%;}}@media only screen and (max-width:640px) {.fusion-body .fusion-builder-column-1{width:100% !important;order : 0;margin-top : 0px;}.fusion-builder-column-1 > .fusion-column-wrapper {padding-top : 0px !important;margin-right : 1.92%;padding-left : 8px !important;margin-left : 1.92%;}}<\/style><\/div><\/div><style type=\"text\/css\">.fusion-fullwidth.fusion-builder-row-2 a:not(.awb-custom-text-hover-color):not(.fusion-button):not(.fusion-builder-module-control):not(.fusion-social-network-icon):not(.fb-icon-element):not(.fusion-countdown-link):not(.fusion-rollover-link):not(.fusion-rollover-gallery):not(.fusion-button-bar):not(.add_to_cart_button):not(.show_details_button):not(.product_type_external):not(.fusion-view-cart):not(.fusion-quick-view):not(.fusion-rollover-title-link):not(.fusion-breadcrumb-link):hover, .fusion-fullwidth.fusion-builder-row-2 a:not(.awb-custom-text-hover-color):not(.fusion-button):not(.fusion-builder-module-control):not(.fusion-social-network-icon):not(.fb-icon-element):not(.fusion-countdown-link):not(.fusion-rollover-link):not(.fusion-rollover-gallery):not(.fusion-button-bar):not(.add_to_cart_button):not(.show_details_button):not(.product_type_external):not(.fusion-view-cart):not(.fusion-quick-view):not(.fusion-rollover-title-link):not(.fusion-breadcrumb-link):hover:before, .fusion-fullwidth.fusion-builder-row-2 a:not(.awb-custom-text-hover-color):not(.fusion-button):not(.fusion-builder-module-control):not(.fusion-social-network-icon):not(.fb-icon-element):not(.fusion-countdown-link):not(.fusion-rollover-link):not(.fusion-rollover-gallery):not(.fusion-button-bar):not(.add_to_cart_button):not(.show_details_button):not(.product_type_external):not(.fusion-view-cart):not(.fusion-quick-view):not(.fusion-rollover-title-link):not(.fusion-breadcrumb-link):hover:after {color: #f7b131;}.fusion-fullwidth.fusion-builder-row-2 .pagination a.inactive:hover, .fusion-fullwidth.fusion-builder-row-2 .fusion-filters .fusion-filter.fusion-active a {border-color: #f7b131;}.fusion-fullwidth.fusion-builder-row-2 .pagination .current {border-color: #f7b131; background-color: #f7b131;}.fusion-fullwidth.fusion-builder-row-2 .fusion-filters .fusion-filter.fusion-active a, .fusion-fullwidth.fusion-builder-row-2 .fusion-date-and-formats .fusion-format-box, .fusion-fullwidth.fusion-builder-row-2 .fusion-popover, .fusion-fullwidth.fusion-builder-row-2 .tooltip-shortcode {color: #f7b131;}#wrapper .fusion-fullwidth.fusion-builder-row-2 .fusion-widget-area .fusion-vertical-menu-widget .menu li.current_page_ancestor > a, #wrapper .fusion-fullwidth.fusion-builder-row-2 .fusion-widget-area .fusion-vertical-menu-widget .menu li.current_page_ancestor > a:before, #wrapper .fusion-fullwidth.fusion-builder-row-2 .fusion-widget-area .fusion-vertical-menu-widget .current-menu-item > a, #wrapper .fusion-fullwidth.fusion-builder-row-2 .fusion-widget-area .fusion-vertical-menu-widget .current-menu-item > a:before, #wrapper .fusion-fullwidth.fusion-builder-row-2 .fusion-widget-area .fusion-vertical-menu-widget .current_page_item > a, #wrapper .fusion-fullwidth.fusion-builder-row-2 .fusion-widget-area .fusion-vertical-menu-widget .current_page_item > a:before {color: #f7b131;}#wrapper .fusion-fullwidth.fusion-builder-row-2 .fusion-widget-area .widget_nav_menu .menu li.current_page_ancestor > a, #wrapper .fusion-fullwidth.fusion-builder-row-2 .fusion-widget-area .widget_nav_menu .menu li.current_page_ancestor > a:before, #wrapper .fusion-fullwidth.fusion-builder-row-2 .fusion-widget-area .widget_nav_menu .current-menu-item > a, #wrapper .fusion-fullwidth.fusion-builder-row-2 .fusion-widget-area .widget_nav_menu .current-menu-item > a:before, #wrapper .fusion-fullwidth.fusion-builder-row-2 .fusion-widget-area .widget_nav_menu .current_page_item > a, #wrapper .fusion-fullwidth.fusion-builder-row-2 .fusion-widget-area .widget_nav_menu .current_page_item > a:before {color: #f7b131;}#wrapper .fusion-fullwidth.fusion-builder-row-2 .fusion-vertical-menu-widget .menu li.current_page_item > a { border-right-color:#f7b131;border-left-color:#f7b131;}#wrapper .fusion-fullwidth.fusion-builder-row-2 .fusion-widget-area .tagcloud a:hover { color: #fff; background-color: #f7b131;border-color: #f7b131;}#main .fusion-fullwidth.fusion-builder-row-2 .post .blog-shortcode-post-title a:hover {color: #f7b131;}.fusion-body .fusion-flex-container.fusion-builder-row-2{ padding-top : 10px;margin-top : 0px;padding-right : 0px;padding-bottom : 5px;margin-bottom : 0;padding-left : 0px;}@media only screen and (max-width:1024px) {.fusion-body .fusion-flex-container.fusion-builder-row-2{ padding-top : 0px;margin-top : 0px;padding-bottom : 0px;margin-bottom : 0px;}}<\/style><\/div><div class=\"fusion-fullwidth fullwidth-box fusion-builder-row-3 fusion-flex-container nonhundred-percent-fullwidth non-hundred-percent-height-scrolling\" style=\"background-color: #f8f8f8;background-position: center center;background-repeat: no-repeat;border-width: 0px 0px 0px 0px;border-color:#e2e2e2;border-style:solid;\" ><div class=\"fusion-builder-row fusion-row fusion-flex-align-items-flex-start\" style=\"max-width:1331.2px;margin-left: calc(-4% \/ 2 );margin-right: calc(-4% \/ 2 );\"><div class=\"fusion-layout-column fusion_builder_column fusion-builder-column-2 fusion_builder_column_1_1 1_1 fusion-flex-column\"><div class=\"fusion-column-wrapper fusion-flex-justify-content-flex-start fusion-content-layout-column\" style=\"background-position:left top;background-repeat:no-repeat;-webkit-background-size:cover;-moz-background-size:cover;-o-background-size:cover;background-size:cover;padding: 0px 0px 0px 0px;\"><div class=\"fusion-text fusion-text-1\"><p style=\"text-align: center;\"><strong><span class=\"negrita padding_top\">Tecnolog\u00eda, procesos, calidad de productos, demandas del mercado, lanzamientos\u2026<\/span><\/strong>\u00a0Aqu\u00ed podr\u00e1s encontrar una selecci\u00f3n de aquello relacionado con el mundo de los cosm\u00e9ticos, que m\u00e1s llama nuestra atenci\u00f3n<\/p>\n<\/div><\/div><style type=\"text\/css\">.fusion-body .fusion-builder-column-2{width:100% !important;margin-top : 0px;margin-bottom : 20px;}.fusion-builder-column-2 > .fusion-column-wrapper {padding-top : 0px !important;padding-right : 0px !important;margin-right : 1.92%;padding-bottom : 0px !important;padding-left : 0px !important;margin-left : 1.92%;}@media only screen and (max-width:1024px) {.fusion-body .fusion-builder-column-2{width:100% !important;order : 0;}.fusion-builder-column-2 > .fusion-column-wrapper {margin-right : 1.92%;margin-left : 1.92%;}}@media only screen and (max-width:640px) {.fusion-body .fusion-builder-column-2{width:100% !important;order : 0;}.fusion-builder-column-2 > .fusion-column-wrapper {margin-right : 1.92%;margin-left : 1.92%;}}<\/style><\/div><\/div><style type=\"text\/css\">.fusion-body .fusion-flex-container.fusion-builder-row-3{ padding-top : 50px;margin-top : 0px;padding-right : 0px;padding-bottom : 20px;margin-bottom : 0px;padding-left : 0px;}<\/style><\/div><div class=\"fusion-fullwidth fullwidth-box fusion-builder-row-4 fusion-flex-container nonhundred-percent-fullwidth non-hundred-percent-height-scrolling\" style=\"background-color: rgba(255,255,255,0);background-position: center center;background-repeat: no-repeat;border-width: 0px 0px 0px 0px;border-color:#e2e2e2;border-style:solid;\" ><div class=\"fusion-builder-row fusion-row fusion-flex-align-items-flex-start\" style=\"max-width:1331.2px;margin-left: calc(-4% \/ 2 );margin-right: calc(-4% \/ 2 );\"><div class=\"fusion-layout-column fusion_builder_column fusion-builder-column-3 fusion_builder_column_1_1 1_1 fusion-flex-column\"><div class=\"fusion-column-wrapper fusion-flex-justify-content-flex-start fusion-content-layout-column\" style=\"background-position:left top;background-repeat:no-repeat;-webkit-background-size:cover;-moz-background-size:cover;-o-background-size:cover;background-size:cover;padding: 0px 0px 0px 0px;\"><div class=\"fusion-video fusion-youtube\" style=\"max-width:600px;max-height:360px;align-self:center; width:100%\" data-autoplay=\"1\"><div class=\"video-shortcode\"><iframe title=\"Filtros Minerales\" src=\"https:\/\/www.youtube.com\/embed\/6QTm1OSXmnE?wmode=transparent&autoplay=0\" width=\"600\" height=\"360\" allowfullscreen allow=\"autoplay; fullscreen\"><\/iframe><\/div><\/div><\/div><style type=\"text\/css\">.fusion-body .fusion-builder-column-3{width:100% !important;margin-top : 0px;margin-bottom : 20px;}.fusion-builder-column-3 > .fusion-column-wrapper {padding-top : 0px !important;padding-right : 0px !important;margin-right : 1.92%;padding-bottom : 0px !important;padding-left : 0px !important;margin-left : 1.92%;}@media only screen and (max-width:1024px) {.fusion-body .fusion-builder-column-3{width:100% !important;order : 0;}.fusion-builder-column-3 > .fusion-column-wrapper {margin-right : 1.92%;margin-left : 1.92%;}}@media only screen and (max-width:640px) {.fusion-body .fusion-builder-column-3{width:100% !important;order : 0;}.fusion-builder-column-3 > .fusion-column-wrapper {margin-right : 1.92%;margin-left : 1.92%;}}<\/style><\/div><\/div><style type=\"text\/css\">.fusion-body .fusion-flex-container.fusion-builder-row-4{ padding-top : 0px;margin-top : 0px;padding-right : 0px;padding-bottom : 0px;margin-bottom : 0px;padding-left : 0px;}<\/style><\/div><div class=\"fusion-fullwidth fullwidth-box fusion-builder-row-5 fusion-flex-container hundred-percent-fullwidth non-hundred-percent-height-scrolling\" style=\"background-color: #f8f8f8;background-position: center center;background-repeat: no-repeat;border-width: 0px 0px 0px 0px;border-color:#e2e2e2;border-style:solid;\" ><div class=\"fusion-builder-row fusion-row fusion-flex-align-items-flex-start\" style=\"width:104% !important;max-width:104% !important;margin-left: calc(-4% \/ 2 );margin-right: calc(-4% \/ 2 );\"><div class=\"fusion-layout-column fusion_builder_column fusion-builder-column-4 fusion_builder_column_1_1 1_1 fusion-flex-column\"><div class=\"fusion-column-wrapper fusion-flex-justify-content-flex-start fusion-content-layout-column\" style=\"background-position:left top;background-repeat:no-repeat;-webkit-background-size:cover;-moz-background-size:cover;-o-background-size:cover;background-size:cover;padding: 0px 0px 0px 0px;\"><div class=\"fusion-blog-shortcode fusion-blog-shortcode-1 fusion-blog-archive fusion-blog-layout-medium fusion-blog-infinite\"><div class=\"fusion-posts-container fusion-posts-container-infinite fusion-blog-rollover\" data-pages=\"8\"><article id=\"blog-1-post-3268\" class=\"fusion-post-medium fusion-sticky post-3268 post type-post status-publish format-standard has-post-thumbnail hentry category-noticias\">\n\t<style type=\"text\/css\">\n\t\t\n\t\t\n\t\t\n\t\t\n\t\t\t<\/style>\n\n\n\t\t\t<div class=\"fusion-flexslider flexslider fusion-flexslider-loading fusion-post-slideshow\" style=\"\">\n\t\t<ul class=\"slides\">\n\t\t\t\n\t\t\t\t\t\t\t\t\t\t\t\t\t\t<li>\n\n<div  class=\"fusion-image-wrapper fusion-image-size-fixed\" aria-haspopup=\"true\">\n\t\n\t\n\t\n\t\t\n\t\t\t\t\t<img width=\"320\" height=\"202\" src=\"https:\/\/adpcosmetics.com\/wp-content\/uploads\/2024\/12\/El-Rol-del-SPF-320x202.png\" class=\"attachment-blog-medium size-blog-medium wp-post-image\" alt=\"FULL SPECTRUM PROTECTION + DAMAGE PREVENTION + COLOR\" srcset=\"https:\/\/adpcosmetics.com\/wp-content\/uploads\/2024\/12\/El-Rol-del-SPF-200x126.png 200w, https:\/\/adpcosmetics.com\/wp-content\/uploads\/2024\/12\/El-Rol-del-SPF-300x189.png 300w, https:\/\/adpcosmetics.com\/wp-content\/uploads\/2024\/12\/El-Rol-del-SPF-320x202.png 320w, https:\/\/adpcosmetics.com\/wp-content\/uploads\/2024\/12\/El-Rol-del-SPF-400x252.png 400w, https:\/\/adpcosmetics.com\/wp-content\/uploads\/2024\/12\/El-Rol-del-SPF-600x379.png 600w, https:\/\/adpcosmetics.com\/wp-content\/uploads\/2024\/12\/El-Rol-del-SPF-700x441.png 700w, https:\/\/adpcosmetics.com\/wp-content\/uploads\/2024\/12\/El-Rol-del-SPF-768x485.png 768w, https:\/\/adpcosmetics.com\/wp-content\/uploads\/2024\/12\/El-Rol-del-SPF-800x505.png 800w, https:\/\/adpcosmetics.com\/wp-content\/uploads\/2024\/12\/El-Rol-del-SPF.png 1000w\" sizes=\"(max-width: 320px) 100vw, 320px\" \/>\n\t\n\n\t\t<div class=\"fusion-rollover\">\n\t<div class=\"fusion-rollover-content\">\n\n\t\t\t\t\t\t\t\t\t\t\t\t\t\t<a class=\"fusion-rollover-link\" href=\"https:\/\/adpcosmetics.com\/es\/el-spf-en-el-cuidado\/\">El rol del SPF en la cosm\u00e9tica diaria &#8211;  M\u00e1s que una tendencia!<\/a>\n\t\t\t\n\t\t\t\t\t\t\t\t\t\t\t\t\t\t\n\t\t\t\t\t\t\t\t\n\t\t\t\t\t\t\t\t\t\t\t\t\t<div class=\"fusion-rollover-sep\"><\/div>\n\t\t\t\t\n\t\t\t\t\t\t\t\t\t\t\t\t\t\t\t\t\t\t<a class=\"fusion-rollover-gallery\" href=\"https:\/\/adpcosmetics.com\/wp-content\/uploads\/2024\/12\/El-Rol-del-SPF.png\" data-id=\"3268\" data-rel=\"iLightbox[gallery]\" data-title=\"El Rol del SPF en la cosmetica diaria\" data-caption=\"\">\n\t\t\t\t\t\tGaler\u00eda\t\t\t\t\t<\/a>\n\t\t\t\t\t\t\t\t\t\t\t\t\t\t\n\t\t\n\t\t\t\t\t\t\t\t\n\t\t\t\t\t\t\t\t\n\t\t\n\t\t\t\t\t\t<a class=\"fusion-link-wrapper\" href=\"https:\/\/adpcosmetics.com\/es\/el-spf-en-el-cuidado\/\" aria-label=\"El rol del SPF en la cosm\u00e9tica diaria &#8211;  M\u00e1s que una tendencia!\"><\/a>\n\t<\/div>\n<\/div>\n\n\t\n<\/div>\n<\/li>\n\t\t\t\n\t\t\t\n\t\t\t\t\t\t\t\t\t\t\t\t\t\t\t\t\t\t\t\t\t\t\t\t\t\t\t\t\t\t\t\t\t\t\t\t\t\t\t\t\t\t\t\t\t\t\t\t\t\t\t\t\t\t\t\t\t\t\t\t\t\t\t\t\t\t\t\t<\/ul>\n\t<\/div>\n\t<div class=\"fusion-post-content post-content\"><h2 class=\"blog-shortcode-post-title entry-title\"><a href=\"https:\/\/adpcosmetics.com\/es\/el-spf-en-el-cuidado\/\">El rol del SPF en la cosm\u00e9tica diaria &#8211;  M\u00e1s que una tendencia!<\/a><\/h2><div class=\"fusion-post-content-container\"><p>En el mundo acelerado de hoy, la salud de la piel a menudo queda en segundo plano frente a las tendencias de belleza. Sin embargo, la importancia de la protecci\u00f3n [...]<\/p><\/div><\/div><div class=\"fusion-clearfix\"><\/div><div class=\"fusion-meta-info\"><div class=\"fusion-alignleft\"><span class=\"vcard\" style=\"display: none;\"><span class=\"fn\"><a href=\"https:\/\/adpcosmetics.com\/es\/author\/marketingad-particles-com\/\" title=\"Entradas de ADP Cosmetics\" rel=\"author\">ADP Cosmetics<\/a><\/span><\/span><span class=\"updated\" style=\"display:none;\">2025-01-16T15:46:58+00:00<\/span><span>12 diciembre 2024<\/span><span class=\"fusion-inline-sep\">|<\/span><\/div><div class=\"fusion-alignright\"><a class=\"fusion-read-more\" href=\"https:\/\/adpcosmetics.com\/es\/el-spf-en-el-cuidado\/\" aria-label=\"More on El rol del SPF en la cosm\u00e9tica diaria &#8211;  M\u00e1s que una tendencia!\">LEER M\u00c1S<\/a><\/div><\/div><\/article>\n<article id=\"blog-1-post-3265\" class=\"fusion-post-medium fusion-sticky post-3265 post type-post status-publish format-standard has-post-thumbnail hentry category-noticias\">\n\t<style type=\"text\/css\">\n\t\t\n\t\t\n\t\t\n\t\t\n\t\t\t<\/style>\n\n\n\t\t\t<div class=\"fusion-flexslider flexslider fusion-flexslider-loading fusion-post-slideshow\" style=\"\">\n\t\t<ul class=\"slides\">\n\t\t\t\n\t\t\t\t\t\t\t\t\t\t\t\t\t\t<li>\n\n<div  class=\"fusion-image-wrapper fusion-image-size-fixed\" aria-haspopup=\"true\">\n\t\n\t\n\t\n\t\t\n\t\t\t\t\t<img width=\"320\" height=\"202\" src=\"https:\/\/adpcosmetics.com\/wp-content\/uploads\/2024\/12\/Color-y-Proteccion-320x202.png\" class=\"attachment-blog-medium size-blog-medium wp-post-image\" alt=\"Advanced Mineral Filters for Inclusive, Safe And Sustainable FULL SPECTRUM PROTECTION, Prevention &amp; Color Solutions.\" srcset=\"https:\/\/adpcosmetics.com\/wp-content\/uploads\/2024\/12\/Color-y-Proteccion-200x126.png 200w, https:\/\/adpcosmetics.com\/wp-content\/uploads\/2024\/12\/Color-y-Proteccion-300x189.png 300w, https:\/\/adpcosmetics.com\/wp-content\/uploads\/2024\/12\/Color-y-Proteccion-320x202.png 320w, https:\/\/adpcosmetics.com\/wp-content\/uploads\/2024\/12\/Color-y-Proteccion-400x252.png 400w, https:\/\/adpcosmetics.com\/wp-content\/uploads\/2024\/12\/Color-y-Proteccion-600x379.png 600w, https:\/\/adpcosmetics.com\/wp-content\/uploads\/2024\/12\/Color-y-Proteccion-700x441.png 700w, https:\/\/adpcosmetics.com\/wp-content\/uploads\/2024\/12\/Color-y-Proteccion-768x485.png 768w, https:\/\/adpcosmetics.com\/wp-content\/uploads\/2024\/12\/Color-y-Proteccion-800x505.png 800w, https:\/\/adpcosmetics.com\/wp-content\/uploads\/2024\/12\/Color-y-Proteccion.png 1000w\" sizes=\"(max-width: 320px) 100vw, 320px\" \/>\n\t\n\n\t\t<div class=\"fusion-rollover\">\n\t<div class=\"fusion-rollover-content\">\n\n\t\t\t\t\t\t\t\t\t\t\t\t\t\t<a class=\"fusion-rollover-link\" href=\"https:\/\/adpcosmetics.com\/es\/color-y-proteccion\/\">Color y protecci\u00f3n: \u00bfQu\u00e9 son los filtros minerales con pigmento?<\/a>\n\t\t\t\n\t\t\t\t\t\t\t\t\t\t\t\t\t\t\n\t\t\t\t\t\t\t\t\n\t\t\t\t\t\t\t\t\t\t\t\t\t<div class=\"fusion-rollover-sep\"><\/div>\n\t\t\t\t\n\t\t\t\t\t\t\t\t\t\t\t\t\t\t\t\t\t\t<a class=\"fusion-rollover-gallery\" href=\"https:\/\/adpcosmetics.com\/wp-content\/uploads\/2024\/12\/Color-y-Proteccion.png\" data-id=\"3265\" data-rel=\"iLightbox[gallery]\" data-title=\"Color y Protecci\u00f3n\" data-caption=\"Advanced Mineral Filters for Inclusive, Safe And Sustainable FULL SPECTRUM PROTECTION, Prevention &amp; Color Solutions.\">\n\t\t\t\t\t\tGaler\u00eda\t\t\t\t\t<\/a>\n\t\t\t\t\t\t\t\t\t\t\t\t\t\t\n\t\t\n\t\t\t\t\t\t\t\t\n\t\t\t\t\t\t\t\t\n\t\t\n\t\t\t\t\t\t<a class=\"fusion-link-wrapper\" href=\"https:\/\/adpcosmetics.com\/es\/color-y-proteccion\/\" aria-label=\"Color y protecci\u00f3n: \u00bfQu\u00e9 son los filtros minerales con pigmento?\"><\/a>\n\t<\/div>\n<\/div>\n\n\t\n<\/div>\n<\/li>\n\t\t\t\n\t\t\t\n\t\t\t\t\t\t\t\t\t\t\t\t\t\t\t\t\t\t\t\t\t\t\t\t\t\t\t\t\t\t\t\t\t\t\t\t\t\t\t\t\t\t\t\t\t\t\t\t\t\t\t\t\t\t\t\t\t\t\t\t\t\t\t\t\t\t\t\t<\/ul>\n\t<\/div>\n\t<div class=\"fusion-post-content post-content\"><h2 class=\"blog-shortcode-post-title entry-title\"><a href=\"https:\/\/adpcosmetics.com\/es\/color-y-proteccion\/\">Color y protecci\u00f3n: \u00bfQu\u00e9 son los filtros minerales con pigmento?<\/a><\/h2><div class=\"fusion-post-content-container\"><p>En el mundo de la cosm\u00e9tica y el cuidado personal, la demanda por productos multifuncionales no ha dejado de crecer. Los consumidores buscan opciones que ofrezcan beneficios m\u00faltiples, desde protecci\u00f3n [...]<\/p><\/div><\/div><div class=\"fusion-clearfix\"><\/div><div class=\"fusion-meta-info\"><div class=\"fusion-alignleft\"><span class=\"vcard\" style=\"display: none;\"><span class=\"fn\"><a href=\"https:\/\/adpcosmetics.com\/es\/author\/marketingad-particles-com\/\" title=\"Entradas de ADP Cosmetics\" rel=\"author\">ADP Cosmetics<\/a><\/span><\/span><span class=\"updated\" style=\"display:none;\">2024-12-05T13:00:58+00:00<\/span><span>5 diciembre 2024<\/span><span class=\"fusion-inline-sep\">|<\/span><\/div><div class=\"fusion-alignright\"><a class=\"fusion-read-more\" href=\"https:\/\/adpcosmetics.com\/es\/color-y-proteccion\/\" aria-label=\"More on Color y protecci\u00f3n: \u00bfQu\u00e9 son los filtros minerales con pigmento?\">LEER M\u00c1S<\/a><\/div><\/div><\/article>\n<article id=\"blog-1-post-3252\" class=\"fusion-post-medium fusion-sticky post-3252 post type-post status-publish format-standard has-post-thumbnail hentry category-noticias\">\n\t<style type=\"text\/css\">\n\t\t\n\t\t\n\t\t\n\t\t\n\t\t\t<\/style>\n\n\n\t\t\t<div class=\"fusion-flexslider flexslider fusion-flexslider-loading fusion-post-slideshow\" style=\"\">\n\t\t<ul class=\"slides\">\n\t\t\t\n\t\t\t\t\t\t\t\t\t\t\t\t\t\t<li>\n\n<div  class=\"fusion-image-wrapper fusion-image-size-fixed\" aria-haspopup=\"true\">\n\t\n\t\n\t\n\t\t\n\t\t\t\t\t<img width=\"320\" height=\"202\" src=\"https:\/\/adpcosmetics.com\/wp-content\/uploads\/2024\/11\/Solar-and-Sostenabilidad-1-320x202.png\" class=\"attachment-blog-medium size-blog-medium wp-post-image\" alt=\"Advanced Mineral Filters for Inclusive, Safe And Sustainable FULL SPECTRUM PROTECTION, Prevention &amp; Color Solutions.\" srcset=\"https:\/\/adpcosmetics.com\/wp-content\/uploads\/2024\/11\/Solar-and-Sostenabilidad-1-200x126.png 200w, https:\/\/adpcosmetics.com\/wp-content\/uploads\/2024\/11\/Solar-and-Sostenabilidad-1-300x189.png 300w, https:\/\/adpcosmetics.com\/wp-content\/uploads\/2024\/11\/Solar-and-Sostenabilidad-1-320x202.png 320w, https:\/\/adpcosmetics.com\/wp-content\/uploads\/2024\/11\/Solar-and-Sostenabilidad-1-400x252.png 400w, https:\/\/adpcosmetics.com\/wp-content\/uploads\/2024\/11\/Solar-and-Sostenabilidad-1-600x379.png 600w, https:\/\/adpcosmetics.com\/wp-content\/uploads\/2024\/11\/Solar-and-Sostenabilidad-1-700x441.png 700w, https:\/\/adpcosmetics.com\/wp-content\/uploads\/2024\/11\/Solar-and-Sostenabilidad-1-768x485.png 768w, https:\/\/adpcosmetics.com\/wp-content\/uploads\/2024\/11\/Solar-and-Sostenabilidad-1-800x505.png 800w, https:\/\/adpcosmetics.com\/wp-content\/uploads\/2024\/11\/Solar-and-Sostenabilidad-1.png 1000w\" sizes=\"(max-width: 320px) 100vw, 320px\" \/>\n\t\n\n\t\t<div class=\"fusion-rollover\">\n\t<div class=\"fusion-rollover-content\">\n\n\t\t\t\t\t\t\t\t\t\t\t\t\t\t<a class=\"fusion-rollover-link\" href=\"https:\/\/adpcosmetics.com\/es\/proteccion-solar-y-sostenibilidad\/\">Protecci\u00f3n solar y sostenibilidad:  \u00bfEs posible cuidar la piel y el planeta al mismo tiempo?<\/a>\n\t\t\t\n\t\t\t\t\t\t\t\t\t\t\t\t\t\t\n\t\t\t\t\t\t\t\t\n\t\t\t\t\t\t\t\t\t\t\t\t\t<div class=\"fusion-rollover-sep\"><\/div>\n\t\t\t\t\n\t\t\t\t\t\t\t\t\t\t\t\t\t\t\t\t\t\t<a class=\"fusion-rollover-gallery\" href=\"https:\/\/adpcosmetics.com\/wp-content\/uploads\/2024\/11\/Solar-and-Sostenabilidad-1.png\" data-id=\"3252\" data-rel=\"iLightbox[gallery]\" data-title=\"Solar and Sostenabilidad (1)\" data-caption=\"\">\n\t\t\t\t\t\tGaler\u00eda\t\t\t\t\t<\/a>\n\t\t\t\t\t\t\t\t\t\t\t\t\t\t\n\t\t\n\t\t\t\t\t\t\t\t\n\t\t\t\t\t\t\t\t\n\t\t\n\t\t\t\t\t\t<a class=\"fusion-link-wrapper\" href=\"https:\/\/adpcosmetics.com\/es\/proteccion-solar-y-sostenibilidad\/\" aria-label=\"Protecci\u00f3n solar y sostenibilidad:  \u00bfEs posible cuidar la piel y el planeta al mismo tiempo?\"><\/a>\n\t<\/div>\n<\/div>\n\n\t\n<\/div>\n<\/li>\n\t\t\t\n\t\t\t\n\t\t\t\t\t\t\t\t\t\t\t\t\t\t\t\t\t\t\t\t\t\t\t\t\t\t\t\t\t\t\t\t\t\t\t\t\t\t\t\t\t\t\t\t\t\t\t\t\t\t\t\t\t\t\t\t\t\t\t\t\t\t\t\t\t\t\t\t<\/ul>\n\t<\/div>\n\t<div class=\"fusion-post-content post-content\"><h2 class=\"blog-shortcode-post-title entry-title\"><a href=\"https:\/\/adpcosmetics.com\/es\/proteccion-solar-y-sostenibilidad\/\">Protecci\u00f3n solar y sostenibilidad:  \u00bfEs posible cuidar la piel y el planeta al mismo tiempo?<\/a><\/h2><div class=\"fusion-post-content-container\"><p>La protecci\u00f3n solar es esencial para mantener la salud de la piel y prevenir enfermedades asociadas a la incidencia de los rayos solares, pero el impacto ambiental de ciertos productos [...]<\/p><\/div><\/div><div class=\"fusion-clearfix\"><\/div><div class=\"fusion-meta-info\"><div class=\"fusion-alignleft\"><span class=\"vcard\" style=\"display: none;\"><span class=\"fn\"><a href=\"https:\/\/adpcosmetics.com\/es\/author\/marketingad-particles-com\/\" title=\"Entradas de ADP Cosmetics\" rel=\"author\">ADP Cosmetics<\/a><\/span><\/span><span class=\"updated\" style=\"display:none;\">2024-12-05T13:02:41+00:00<\/span><span>28 noviembre 2024<\/span><span class=\"fusion-inline-sep\">|<\/span><\/div><div class=\"fusion-alignright\"><a class=\"fusion-read-more\" href=\"https:\/\/adpcosmetics.com\/es\/proteccion-solar-y-sostenibilidad\/\" aria-label=\"More on Protecci\u00f3n solar y sostenibilidad:  \u00bfEs posible cuidar la piel y el planeta al mismo tiempo?\">LEER M\u00c1S<\/a><\/div><\/div><\/article>\n<article id=\"blog-1-post-3588\" class=\"fusion-post-medium fusion-sticky post-3588 post type-post status-publish format-standard has-post-thumbnail hentry category-noticias\">\n\t<style type=\"text\/css\">\n\t\t\n\t\t\n\t\t\n\t\t\n\t\t\t<\/style>\n\n\n\t\t\t<div class=\"fusion-flexslider flexslider fusion-flexslider-loading fusion-post-slideshow\" style=\"\">\n\t\t<ul class=\"slides\">\n\t\t\t\n\t\t\t\t\t\t\t\t\t\t\t\t\t\t<li>\n\n<div  class=\"fusion-image-wrapper fusion-image-size-fixed\" aria-haspopup=\"true\">\n\t\n\t\n\t\n\t\t\n\t\t\t\t\t<img width=\"320\" height=\"202\" src=\"https:\/\/adpcosmetics.com\/wp-content\/uploads\/2025\/06\/La-Proteccion-Solar-ha-evolucionado-1-320x202.png\" class=\"attachment-blog-medium size-blog-medium wp-post-image\" alt=\"FULL SPECTRUM PROTECTION + DAMAGE PREVENTION + COLOR\" srcset=\"https:\/\/adpcosmetics.com\/wp-content\/uploads\/2025\/06\/La-Proteccion-Solar-ha-evolucionado-1-200x126.png 200w, https:\/\/adpcosmetics.com\/wp-content\/uploads\/2025\/06\/La-Proteccion-Solar-ha-evolucionado-1-300x189.png 300w, https:\/\/adpcosmetics.com\/wp-content\/uploads\/2025\/06\/La-Proteccion-Solar-ha-evolucionado-1-320x202.png 320w, https:\/\/adpcosmetics.com\/wp-content\/uploads\/2025\/06\/La-Proteccion-Solar-ha-evolucionado-1-400x252.png 400w, https:\/\/adpcosmetics.com\/wp-content\/uploads\/2025\/06\/La-Proteccion-Solar-ha-evolucionado-1-600x379.png 600w, https:\/\/adpcosmetics.com\/wp-content\/uploads\/2025\/06\/La-Proteccion-Solar-ha-evolucionado-1-700x441.png 700w, https:\/\/adpcosmetics.com\/wp-content\/uploads\/2025\/06\/La-Proteccion-Solar-ha-evolucionado-1-768x485.png 768w, https:\/\/adpcosmetics.com\/wp-content\/uploads\/2025\/06\/La-Proteccion-Solar-ha-evolucionado-1-800x505.png 800w, https:\/\/adpcosmetics.com\/wp-content\/uploads\/2025\/06\/La-Proteccion-Solar-ha-evolucionado-1.png 1000w\" sizes=\"(max-width: 320px) 100vw, 320px\" \/>\n\t\n\n\t\t<div class=\"fusion-rollover\">\n\t<div class=\"fusion-rollover-content\">\n\n\t\t\t\t\t\t\t\t\t\t\t\t\t\t<a class=\"fusion-rollover-link\" href=\"https:\/\/adpcosmetics.com\/es\/la-proteccion-solar-ha-evolucionado\/\">La Protecci\u00f3n Solar ha evolucionado: un tipo de piel, una soluci\u00f3n<\/a>\n\t\t\t\n\t\t\t\t\t\t\t\t\t\t\t\t\t\t\n\t\t\t\t\t\t\t\t\n\t\t\t\t\t\t\t\t\t\t\t\t\t<div class=\"fusion-rollover-sep\"><\/div>\n\t\t\t\t\n\t\t\t\t\t\t\t\t\t\t\t\t\t\t\t\t\t\t<a class=\"fusion-rollover-gallery\" href=\"https:\/\/adpcosmetics.com\/wp-content\/uploads\/2025\/06\/La-Proteccion-Solar-ha-evolucionado-1.png\" data-id=\"3588\" data-rel=\"iLightbox[gallery]\" data-title=\"La Protecci\u00f3n Solar ha evolucionado (1)\" data-caption=\"\">\n\t\t\t\t\t\tGaler\u00eda\t\t\t\t\t<\/a>\n\t\t\t\t\t\t\t\t\t\t\t\t\t\t\n\t\t\n\t\t\t\t\t\t\t\t\n\t\t\t\t\t\t\t\t\n\t\t\n\t\t\t\t\t\t<a class=\"fusion-link-wrapper\" href=\"https:\/\/adpcosmetics.com\/es\/la-proteccion-solar-ha-evolucionado\/\" aria-label=\"La Protecci\u00f3n Solar ha evolucionado: un tipo de piel, una soluci\u00f3n\"><\/a>\n\t<\/div>\n<\/div>\n\n\t\n<\/div>\n<\/li>\n\t\t\t\n\t\t\t\n\t\t\t\t\t\t\t\t\t\t\t\t\t\t\t\t\t\t\t\t\t\t\t\t\t\t\t\t\t\t\t\t\t\t\t\t\t\t\t\t\t\t\t\t\t\t\t\t\t\t\t\t\t\t\t\t\t\t\t\t\t\t\t\t\t\t\t\t<\/ul>\n\t<\/div>\n\t<div class=\"fusion-post-content post-content\"><h2 class=\"blog-shortcode-post-title entry-title\"><a href=\"https:\/\/adpcosmetics.com\/es\/la-proteccion-solar-ha-evolucionado\/\">La Protecci\u00f3n Solar ha evolucionado: un tipo de piel, una soluci\u00f3n<\/a><\/h2><div class=\"fusion-post-content-container\"><p>En un mundo donde la conciencia sobre la salud de la piel y el impacto ambiental est\u00e1 en constante crecimiento, la demanda de soluciones cosm\u00e9ticas gen\u00e9ricas ha quedado atr\u00e1s. Hoy, [...]<\/p><\/div><\/div><div class=\"fusion-clearfix\"><\/div><div class=\"fusion-meta-info\"><div class=\"fusion-alignleft\"><span class=\"vcard\" style=\"display: none;\"><span class=\"fn\"><a href=\"https:\/\/adpcosmetics.com\/es\/author\/marketingad-particles-com\/\" title=\"Entradas de ADP Cosmetics\" rel=\"author\">ADP Cosmetics<\/a><\/span><\/span><span class=\"updated\" style=\"display:none;\">2025-06-26T06:55:43+00:00<\/span><span>25 junio 2025<\/span><span class=\"fusion-inline-sep\">|<\/span><\/div><div class=\"fusion-alignright\"><a class=\"fusion-read-more\" href=\"https:\/\/adpcosmetics.com\/es\/la-proteccion-solar-ha-evolucionado\/\" aria-label=\"More on La Protecci\u00f3n Solar ha evolucionado: un tipo de piel, una soluci\u00f3n\">LEER M\u00c1S<\/a><\/div><\/div><\/article>\n<article id=\"blog-1-post-3319\" class=\"fusion-post-medium fusion-sticky post-3319 post type-post status-publish format-standard has-post-thumbnail hentry category-noticias\">\n\t<style type=\"text\/css\">\n\t\t\n\t\t\n\t\t\n\t\t\n\t\t\t<\/style>\n\n\n\t\t\t<div class=\"fusion-flexslider flexslider fusion-flexslider-loading fusion-post-slideshow\" style=\"\">\n\t\t<ul class=\"slides\">\n\t\t\t\n\t\t\t\t\t\t\t\t\t\t\t\t\t\t<li>\n\n<div  class=\"fusion-image-wrapper fusion-image-size-fixed\" aria-haspopup=\"true\">\n\t\n\t\n\t\n\t\t\n\t\t\t\t\t<img width=\"320\" height=\"202\" src=\"https:\/\/adpcosmetics.com\/wp-content\/uploads\/2025\/01\/\u00bfComo-el-protector-solar-mineral-puede-ayudar-a-prevenir-2-320x202.png\" class=\"attachment-blog-medium size-blog-medium wp-post-image\" alt=\"FULL SPECTRUM PROTECTION + DAMAGE PREVENTION + COLOR\" srcset=\"https:\/\/adpcosmetics.com\/wp-content\/uploads\/2025\/01\/\u00bfComo-el-protector-solar-mineral-puede-ayudar-a-prevenir-2-200x126.png 200w, https:\/\/adpcosmetics.com\/wp-content\/uploads\/2025\/01\/\u00bfComo-el-protector-solar-mineral-puede-ayudar-a-prevenir-2-300x189.png 300w, https:\/\/adpcosmetics.com\/wp-content\/uploads\/2025\/01\/\u00bfComo-el-protector-solar-mineral-puede-ayudar-a-prevenir-2-320x202.png 320w, https:\/\/adpcosmetics.com\/wp-content\/uploads\/2025\/01\/\u00bfComo-el-protector-solar-mineral-puede-ayudar-a-prevenir-2-400x252.png 400w, https:\/\/adpcosmetics.com\/wp-content\/uploads\/2025\/01\/\u00bfComo-el-protector-solar-mineral-puede-ayudar-a-prevenir-2-600x379.png 600w, https:\/\/adpcosmetics.com\/wp-content\/uploads\/2025\/01\/\u00bfComo-el-protector-solar-mineral-puede-ayudar-a-prevenir-2-700x441.png 700w, https:\/\/adpcosmetics.com\/wp-content\/uploads\/2025\/01\/\u00bfComo-el-protector-solar-mineral-puede-ayudar-a-prevenir-2-768x485.png 768w, https:\/\/adpcosmetics.com\/wp-content\/uploads\/2025\/01\/\u00bfComo-el-protector-solar-mineral-puede-ayudar-a-prevenir-2-800x505.png 800w, https:\/\/adpcosmetics.com\/wp-content\/uploads\/2025\/01\/\u00bfComo-el-protector-solar-mineral-puede-ayudar-a-prevenir-2.png 1000w\" sizes=\"(max-width: 320px) 100vw, 320px\" \/>\n\t\n\n\t\t<div class=\"fusion-rollover\">\n\t<div class=\"fusion-rollover-content\">\n\n\t\t\t\t\t\t\t\t\t\t\t\t\t\t<a class=\"fusion-rollover-link\" href=\"https:\/\/adpcosmetics.com\/es\/protector-solar-mineral-puede-ayudar-a-prevenir-el-envejecimiento-prematuro\/\">\u00bfC\u00f3mo el protector solar mineral puede ayudar a prevenir el envejecimiento prematuro?<\/a>\n\t\t\t\n\t\t\t\t\t\t\t\t\t\t\t\t\t\t\n\t\t\t\t\t\t\t\t\n\t\t\t\t\t\t\t\t\t\t\t\t\t<div class=\"fusion-rollover-sep\"><\/div>\n\t\t\t\t\n\t\t\t\t\t\t\t\t\t\t\t\t\t\t\t\t\t\t<a class=\"fusion-rollover-gallery\" href=\"https:\/\/adpcosmetics.com\/wp-content\/uploads\/2025\/01\/\u00bfComo-el-protector-solar-mineral-puede-ayudar-a-prevenir-2.png\" data-id=\"3319\" data-rel=\"iLightbox[gallery]\" data-title=\"\u00bfC\u00f3mo el protector solar mineral puede ayudar a prevenir (2)\" data-caption=\"Advanced Mineral Filters for Inclusive, Safe And Sustainable FULL SPECTRUM PROTECTION, Prevention &amp; Color Solutions.\">\n\t\t\t\t\t\tGaler\u00eda\t\t\t\t\t<\/a>\n\t\t\t\t\t\t\t\t\t\t\t\t\t\t\n\t\t\n\t\t\t\t\t\t\t\t\n\t\t\t\t\t\t\t\t\n\t\t\n\t\t\t\t\t\t<a class=\"fusion-link-wrapper\" href=\"https:\/\/adpcosmetics.com\/es\/protector-solar-mineral-puede-ayudar-a-prevenir-el-envejecimiento-prematuro\/\" aria-label=\"\u00bfC\u00f3mo el protector solar mineral puede ayudar a prevenir el envejecimiento prematuro?\"><\/a>\n\t<\/div>\n<\/div>\n\n\t\n<\/div>\n<\/li>\n\t\t\t\n\t\t\t\n\t\t\t\t\t\t\t\t\t\t\t\t\t\t\t\t\t\t\t\t\t\t\t\t\t\t\t\t\t\t\t\t\t\t\t\t\t\t\t\t\t\t\t\t\t\t\t\t\t\t\t\t\t\t\t\t\t\t\t\t\t\t\t\t\t\t\t\t<\/ul>\n\t<\/div>\n\t<div class=\"fusion-post-content post-content\"><h2 class=\"blog-shortcode-post-title entry-title\"><a href=\"https:\/\/adpcosmetics.com\/es\/protector-solar-mineral-puede-ayudar-a-prevenir-el-envejecimiento-prematuro\/\">\u00bfC\u00f3mo el protector solar mineral puede ayudar a prevenir el envejecimiento prematuro?<\/a><\/h2><div class=\"fusion-post-content-container\"><p>El envejecimiento prematuro de la piel es una preocupaci\u00f3n creciente en un mundo donde la exposici\u00f3n al sol, la contaminaci\u00f3n y la luz azul est\u00e1n constantemente presentes. Uno de los [...]<\/p><\/div><\/div><div class=\"fusion-clearfix\"><\/div><div class=\"fusion-meta-info\"><div class=\"fusion-alignleft\"><span class=\"vcard\" style=\"display: none;\"><span class=\"fn\"><a href=\"https:\/\/adpcosmetics.com\/es\/author\/marketingad-particles-com\/\" title=\"Entradas de ADP Cosmetics\" rel=\"author\">ADP Cosmetics<\/a><\/span><\/span><span class=\"updated\" style=\"display:none;\">2025-06-26T07:12:40+00:00<\/span><span>30 abril 2025<\/span><span class=\"fusion-inline-sep\">|<\/span><\/div><div class=\"fusion-alignright\"><a class=\"fusion-read-more\" href=\"https:\/\/adpcosmetics.com\/es\/protector-solar-mineral-puede-ayudar-a-prevenir-el-envejecimiento-prematuro\/\" aria-label=\"More on \u00bfC\u00f3mo el protector solar mineral puede ayudar a prevenir el envejecimiento prematuro?\">LEER M\u00c1S<\/a><\/div><\/div><\/article>\n<article id=\"blog-1-post-3309\" class=\"fusion-post-medium fusion-sticky post-3309 post type-post status-publish format-standard has-post-thumbnail hentry category-noticias\">\n\t<style type=\"text\/css\">\n\t\t\n\t\t\n\t\t\n\t\t\n\t\t\t<\/style>\n\n\n\t\t\t<div class=\"fusion-flexslider flexslider fusion-flexslider-loading fusion-post-slideshow\" style=\"\">\n\t\t<ul class=\"slides\">\n\t\t\t\n\t\t\t\t\t\t\t\t\t\t\t\t\t\t<li>\n\n<div  class=\"fusion-image-wrapper fusion-image-size-fixed\" aria-haspopup=\"true\">\n\t\n\t\n\t\n\t\t\n\t\t\t\t\t<img width=\"320\" height=\"202\" src=\"https:\/\/adpcosmetics.com\/wp-content\/uploads\/2025\/01\/El-futuro-de-las-cosmetica-solar-320x202.png\" class=\"attachment-blog-medium size-blog-medium wp-post-image\" alt=\"FULL SPECTRUM PROTECTION + DAMAGE PREVENTION + COLOR\" srcset=\"https:\/\/adpcosmetics.com\/wp-content\/uploads\/2025\/01\/El-futuro-de-las-cosmetica-solar-200x126.png 200w, https:\/\/adpcosmetics.com\/wp-content\/uploads\/2025\/01\/El-futuro-de-las-cosmetica-solar-300x189.png 300w, https:\/\/adpcosmetics.com\/wp-content\/uploads\/2025\/01\/El-futuro-de-las-cosmetica-solar-320x202.png 320w, https:\/\/adpcosmetics.com\/wp-content\/uploads\/2025\/01\/El-futuro-de-las-cosmetica-solar-400x252.png 400w, https:\/\/adpcosmetics.com\/wp-content\/uploads\/2025\/01\/El-futuro-de-las-cosmetica-solar-600x379.png 600w, https:\/\/adpcosmetics.com\/wp-content\/uploads\/2025\/01\/El-futuro-de-las-cosmetica-solar-700x441.png 700w, https:\/\/adpcosmetics.com\/wp-content\/uploads\/2025\/01\/El-futuro-de-las-cosmetica-solar-768x485.png 768w, https:\/\/adpcosmetics.com\/wp-content\/uploads\/2025\/01\/El-futuro-de-las-cosmetica-solar-800x505.png 800w, https:\/\/adpcosmetics.com\/wp-content\/uploads\/2025\/01\/El-futuro-de-las-cosmetica-solar.png 1000w\" sizes=\"(max-width: 320px) 100vw, 320px\" \/>\n\t\n\n\t\t<div class=\"fusion-rollover\">\n\t<div class=\"fusion-rollover-content\">\n\n\t\t\t\t\t\t\t\t\t\t\t\t\t\t<a class=\"fusion-rollover-link\" href=\"https:\/\/adpcosmetics.com\/es\/el-futuro-de-la-proteccion-solar\/\">El futuro de la protecci\u00f3n solar y la cosm\u00e9tica: Solares adaptados a cada tipo de piel<\/a>\n\t\t\t\n\t\t\t\t\t\t\t\t\t\t\t\t\t\t\n\t\t\t\t\t\t\t\t\n\t\t\t\t\t\t\t\t\t\t\t\t\t<div class=\"fusion-rollover-sep\"><\/div>\n\t\t\t\t\n\t\t\t\t\t\t\t\t\t\t\t\t\t\t\t\t\t\t<a class=\"fusion-rollover-gallery\" href=\"https:\/\/adpcosmetics.com\/wp-content\/uploads\/2025\/01\/El-futuro-de-las-cosmetica-solar.png\" data-id=\"3309\" data-rel=\"iLightbox[gallery]\" data-title=\"El futuro de las cosm\u00e9tica solar\" data-caption=\"Advanced Mineral Filters for Inclusive, Safe And Sustainable FULL SPECTRUM PROTECTION, Prevention &amp; Color Solutions.\">\n\t\t\t\t\t\tGaler\u00eda\t\t\t\t\t<\/a>\n\t\t\t\t\t\t\t\t\t\t\t\t\t\t\n\t\t\n\t\t\t\t\t\t\t\t\n\t\t\t\t\t\t\t\t\n\t\t\n\t\t\t\t\t\t<a class=\"fusion-link-wrapper\" href=\"https:\/\/adpcosmetics.com\/es\/el-futuro-de-la-proteccion-solar\/\" aria-label=\"El futuro de la protecci\u00f3n solar y la cosm\u00e9tica: Solares adaptados a cada tipo de piel\"><\/a>\n\t<\/div>\n<\/div>\n\n\t\n<\/div>\n<\/li>\n\t\t\t\n\t\t\t\n\t\t\t\t\t\t\t\t\t\t\t\t\t\t\t\t\t\t\t\t\t\t\t\t\t\t\t\t\t\t\t\t\t\t\t\t\t\t\t\t\t\t\t\t\t\t\t\t\t\t\t\t\t\t\t\t\t\t\t\t\t\t\t\t\t\t\t\t<\/ul>\n\t<\/div>\n\t<div class=\"fusion-post-content post-content\"><h2 class=\"blog-shortcode-post-title entry-title\"><a href=\"https:\/\/adpcosmetics.com\/es\/el-futuro-de-la-proteccion-solar\/\">El futuro de la protecci\u00f3n solar y la cosm\u00e9tica: Solares adaptados a cada tipo de piel<\/a><\/h2><div class=\"fusion-post-content-container\"><p>\u00a0La protecci\u00f3n solar ha recorrido un largo camino desde las primeras f\u00f3rmulas de cremas solares, destinadas a ofrecer un escudo b\u00e1sico contra los efectos nocivos de la radiaci\u00f3n ultravioleta (UV). [...]<\/p><\/div><\/div><div class=\"fusion-clearfix\"><\/div><div class=\"fusion-meta-info\"><div class=\"fusion-alignleft\"><span class=\"vcard\" style=\"display: none;\"><span class=\"fn\"><a href=\"https:\/\/adpcosmetics.com\/es\/author\/marketingad-particles-com\/\" title=\"Entradas de ADP Cosmetics\" rel=\"author\">ADP Cosmetics<\/a><\/span><\/span><span class=\"updated\" style=\"display:none;\">2025-06-26T07:12:22+00:00<\/span><span>16 febrero 2025<\/span><span class=\"fusion-inline-sep\">|<\/span><\/div><div class=\"fusion-alignright\"><a class=\"fusion-read-more\" href=\"https:\/\/adpcosmetics.com\/es\/el-futuro-de-la-proteccion-solar\/\" aria-label=\"More on El futuro de la protecci\u00f3n solar y la cosm\u00e9tica: Solares adaptados a cada tipo de piel\">LEER M\u00c1S<\/a><\/div><\/div><\/article>\n<article id=\"blog-1-post-3289\" class=\"fusion-post-medium fusion-sticky post-3289 post type-post status-publish format-standard has-post-thumbnail hentry category-noticias\">\n\t<style type=\"text\/css\">\n\t\t\n\t\t\n\t\t\n\t\t\n\t\t\t<\/style>\n\n\n\t\t\t<div class=\"fusion-flexslider flexslider fusion-flexslider-loading fusion-post-slideshow\" style=\"\">\n\t\t<ul class=\"slides\">\n\t\t\t\n\t\t\t\t\t\t\t\t\t\t\t\t\t\t<li>\n\n<div  class=\"fusion-image-wrapper fusion-image-size-fixed\" aria-haspopup=\"true\">\n\t\n\t\n\t\n\t\t\n\t\t\t\t\t<img width=\"320\" height=\"202\" src=\"https:\/\/adpcosmetics.com\/wp-content\/uploads\/2025\/01\/Guia-para-seleccionar-el-mejor-protector-solar-2-320x202.png\" class=\"attachment-blog-medium size-blog-medium wp-post-image\" alt=\"FULL SPECTRUM PROTECTION + DAMAGE PREVENTION + COLOR\" srcset=\"https:\/\/adpcosmetics.com\/wp-content\/uploads\/2025\/01\/Guia-para-seleccionar-el-mejor-protector-solar-2-200x126.png 200w, https:\/\/adpcosmetics.com\/wp-content\/uploads\/2025\/01\/Guia-para-seleccionar-el-mejor-protector-solar-2-300x189.png 300w, https:\/\/adpcosmetics.com\/wp-content\/uploads\/2025\/01\/Guia-para-seleccionar-el-mejor-protector-solar-2-320x202.png 320w, https:\/\/adpcosmetics.com\/wp-content\/uploads\/2025\/01\/Guia-para-seleccionar-el-mejor-protector-solar-2-400x252.png 400w, https:\/\/adpcosmetics.com\/wp-content\/uploads\/2025\/01\/Guia-para-seleccionar-el-mejor-protector-solar-2-600x379.png 600w, https:\/\/adpcosmetics.com\/wp-content\/uploads\/2025\/01\/Guia-para-seleccionar-el-mejor-protector-solar-2-700x441.png 700w, https:\/\/adpcosmetics.com\/wp-content\/uploads\/2025\/01\/Guia-para-seleccionar-el-mejor-protector-solar-2-768x485.png 768w, https:\/\/adpcosmetics.com\/wp-content\/uploads\/2025\/01\/Guia-para-seleccionar-el-mejor-protector-solar-2-800x505.png 800w, https:\/\/adpcosmetics.com\/wp-content\/uploads\/2025\/01\/Guia-para-seleccionar-el-mejor-protector-solar-2.png 1000w\" sizes=\"(max-width: 320px) 100vw, 320px\" \/>\n\t\n\n\t\t<div class=\"fusion-rollover\">\n\t<div class=\"fusion-rollover-content\">\n\n\t\t\t\t\t\t\t\t\t\t\t\t\t\t<a class=\"fusion-rollover-link\" href=\"https:\/\/adpcosmetics.com\/es\/selecciona-el-mejor-protector-solar\/\">Gu\u00eda completa para seleccionar el mejor protector solar:<\/a>\n\t\t\t\n\t\t\t\t\t\t\t\t\t\t\t\t\t\t\n\t\t\t\t\t\t\t\t\n\t\t\t\t\t\t\t\t\t\t\t\t\t<div class=\"fusion-rollover-sep\"><\/div>\n\t\t\t\t\n\t\t\t\t\t\t\t\t\t\t\t\t\t\t\t\t\t\t<a class=\"fusion-rollover-gallery\" href=\"https:\/\/adpcosmetics.com\/wp-content\/uploads\/2025\/01\/Guia-para-seleccionar-el-mejor-protector-solar-2.png\" data-id=\"3289\" data-rel=\"iLightbox[gallery]\" data-title=\"Gu\u00eda para seleccionar el mejor protector solar\" data-caption=\"\">\n\t\t\t\t\t\tGaler\u00eda\t\t\t\t\t<\/a>\n\t\t\t\t\t\t\t\t\t\t\t\t\t\t\n\t\t\n\t\t\t\t\t\t\t\t\n\t\t\t\t\t\t\t\t\n\t\t\n\t\t\t\t\t\t<a class=\"fusion-link-wrapper\" href=\"https:\/\/adpcosmetics.com\/es\/selecciona-el-mejor-protector-solar\/\" aria-label=\"Gu\u00eda completa para seleccionar el mejor protector solar:\"><\/a>\n\t<\/div>\n<\/div>\n\n\t\n<\/div>\n<\/li>\n\t\t\t\n\t\t\t\n\t\t\t\t\t\t\t\t\t\t\t\t\t\t\t\t\t\t\t\t\t\t\t\t\t\t\t\t\t\t\t\t\t\t\t\t\t\t\t\t\t\t\t\t\t\t\t\t\t\t\t\t\t\t\t\t\t\t\t\t\t\t\t\t\t\t\t\t<\/ul>\n\t<\/div>\n\t<div class=\"fusion-post-content post-content\"><h2 class=\"blog-shortcode-post-title entry-title\"><a href=\"https:\/\/adpcosmetics.com\/es\/selecciona-el-mejor-protector-solar\/\">Gu\u00eda completa para seleccionar el mejor protector solar:<\/a><\/h2><div class=\"fusion-post-content-container\"><p>Consejos de expertos El protector solar ya no es solo un esencial del verano; se ha convertido en un pilar fundamental del cuidado de la piel durante todo el a\u00f1o. [...]<\/p><\/div><\/div><div class=\"fusion-clearfix\"><\/div><div class=\"fusion-meta-info\"><div class=\"fusion-alignleft\"><span class=\"vcard\" style=\"display: none;\"><span class=\"fn\"><a href=\"https:\/\/adpcosmetics.com\/es\/author\/marketingad-particles-com\/\" title=\"Entradas de ADP Cosmetics\" rel=\"author\">ADP Cosmetics<\/a><\/span><\/span><span class=\"updated\" style=\"display:none;\">2025-01-09T14:59:32+00:00<\/span><span>9 enero 2025<\/span><span class=\"fusion-inline-sep\">|<\/span><\/div><div class=\"fusion-alignright\"><a class=\"fusion-read-more\" href=\"https:\/\/adpcosmetics.com\/es\/selecciona-el-mejor-protector-solar\/\" aria-label=\"More on Gu\u00eda completa para seleccionar el mejor protector solar:\">LEER M\u00c1S<\/a><\/div><\/div><\/article>\n<article id=\"blog-1-post-3286\" class=\"fusion-post-medium fusion-sticky post-3286 post type-post status-publish format-standard has-post-thumbnail hentry category-noticias\">\n\t<style type=\"text\/css\">\n\t\t\n\t\t\n\t\t\n\t\t\n\t\t\t<\/style>\n\n\n\t\t\t<div class=\"fusion-flexslider flexslider fusion-flexslider-loading fusion-post-slideshow\" style=\"\">\n\t\t<ul class=\"slides\">\n\t\t\t\n\t\t\t\t\t\t\t\t\t\t\t\t\t\t<li>\n\n<div  class=\"fusion-image-wrapper fusion-image-size-fixed\" aria-haspopup=\"true\">\n\t\n\t\n\t\n\t\t\n\t\t\t\t\t<img width=\"320\" height=\"202\" src=\"https:\/\/adpcosmetics.com\/wp-content\/uploads\/2024\/12\/Errores-Comunes-320x202.png\" class=\"attachment-blog-medium size-blog-medium wp-post-image\" alt=\"Advanced Mineral Filters for Inclusive, Safe And Sustainable FULL SPECTRUM PROTECTION, Prevention &amp; Color Solutions.\" srcset=\"https:\/\/adpcosmetics.com\/wp-content\/uploads\/2024\/12\/Errores-Comunes-200x126.png 200w, https:\/\/adpcosmetics.com\/wp-content\/uploads\/2024\/12\/Errores-Comunes-300x189.png 300w, https:\/\/adpcosmetics.com\/wp-content\/uploads\/2024\/12\/Errores-Comunes-320x202.png 320w, https:\/\/adpcosmetics.com\/wp-content\/uploads\/2024\/12\/Errores-Comunes-400x252.png 400w, https:\/\/adpcosmetics.com\/wp-content\/uploads\/2024\/12\/Errores-Comunes-600x379.png 600w, https:\/\/adpcosmetics.com\/wp-content\/uploads\/2024\/12\/Errores-Comunes-700x441.png 700w, https:\/\/adpcosmetics.com\/wp-content\/uploads\/2024\/12\/Errores-Comunes-768x485.png 768w, https:\/\/adpcosmetics.com\/wp-content\/uploads\/2024\/12\/Errores-Comunes-800x505.png 800w, https:\/\/adpcosmetics.com\/wp-content\/uploads\/2024\/12\/Errores-Comunes.png 1000w\" sizes=\"(max-width: 320px) 100vw, 320px\" \/>\n\t\n\n\t\t<div class=\"fusion-rollover\">\n\t<div class=\"fusion-rollover-content\">\n\n\t\t\t\t\t\t\t\t\t\t\t\t\t\t<a class=\"fusion-rollover-link\" href=\"https:\/\/adpcosmetics.com\/es\/5-errores-comunes-al-aplicar-el-protector-solar\/\">5 errores comunes al aplicar el protector solar (y c\u00f3mo evitarlos)<\/a>\n\t\t\t\n\t\t\t\t\t\t\t\t\t\t\t\t\t\t\n\t\t\t\t\t\t\t\t\n\t\t\t\t\t\t\t\t\t\t\t\t\t<div class=\"fusion-rollover-sep\"><\/div>\n\t\t\t\t\n\t\t\t\t\t\t\t\t\t\t\t\t\t\t\t\t\t\t<a class=\"fusion-rollover-gallery\" href=\"https:\/\/adpcosmetics.com\/wp-content\/uploads\/2024\/12\/Errores-Comunes.png\" data-id=\"3286\" data-rel=\"iLightbox[gallery]\" data-title=\"5 Errores Comunes\" data-caption=\"en la aplicaci\u00f3n de filtros solares\">\n\t\t\t\t\t\tGaler\u00eda\t\t\t\t\t<\/a>\n\t\t\t\t\t\t\t\t\t\t\t\t\t\t\n\t\t\n\t\t\t\t\t\t\t\t\n\t\t\t\t\t\t\t\t\n\t\t\n\t\t\t\t\t\t<a class=\"fusion-link-wrapper\" href=\"https:\/\/adpcosmetics.com\/es\/5-errores-comunes-al-aplicar-el-protector-solar\/\" aria-label=\"5 errores comunes al aplicar el protector solar (y c\u00f3mo evitarlos)\"><\/a>\n\t<\/div>\n<\/div>\n\n\t\n<\/div>\n<\/li>\n\t\t\t\n\t\t\t\n\t\t\t\t\t\t\t\t\t\t\t\t\t\t\t\t\t\t\t\t\t\t\t\t\t\t\t\t\t\t\t\t\t\t\t\t\t\t\t\t\t\t\t\t\t\t\t\t\t\t\t\t\t\t\t\t\t\t\t\t\t\t\t\t\t\t\t\t<\/ul>\n\t<\/div>\n\t<div class=\"fusion-post-content post-content\"><h2 class=\"blog-shortcode-post-title entry-title\"><a href=\"https:\/\/adpcosmetics.com\/es\/5-errores-comunes-al-aplicar-el-protector-solar\/\">5 errores comunes al aplicar el protector solar (y c\u00f3mo evitarlos)<\/a><\/h2><div class=\"fusion-post-content-container\"><p>La protecci\u00f3n solar es un pilar esencial del cuidado de la piel, pero muchos no la aplican de manera correcta, reduciendo su efectividad. En este art\u00edculo, analizaremos los errores m\u00e1s [...]<\/p><\/div><\/div><div class=\"fusion-clearfix\"><\/div><div class=\"fusion-meta-info\"><div class=\"fusion-alignleft\"><span class=\"vcard\" style=\"display: none;\"><span class=\"fn\"><a href=\"https:\/\/adpcosmetics.com\/es\/author\/marketingad-particles-com\/\" title=\"Entradas de ADP Cosmetics\" rel=\"author\">ADP Cosmetics<\/a><\/span><\/span><span class=\"updated\" style=\"display:none;\">2025-01-16T15:46:48+00:00<\/span><span>18 diciembre 2024<\/span><span class=\"fusion-inline-sep\">|<\/span><\/div><div class=\"fusion-alignright\"><a class=\"fusion-read-more\" href=\"https:\/\/adpcosmetics.com\/es\/5-errores-comunes-al-aplicar-el-protector-solar\/\" aria-label=\"More on 5 errores comunes al aplicar el protector solar (y c\u00f3mo evitarlos)\">LEER M\u00c1S<\/a><\/div><\/div><\/article>\n<article id=\"blog-1-post-3239\" class=\"fusion-post-medium post-3239 post type-post status-publish format-standard has-post-thumbnail hentry category-noticias\">\n\t<style type=\"text\/css\">\n\t\t\n\t\t\n\t\t\n\t\t\n\t\t\t<\/style>\n\n\n\t\t\t<div class=\"fusion-flexslider flexslider fusion-flexslider-loading fusion-post-slideshow\" style=\"\">\n\t\t<ul class=\"slides\">\n\t\t\t\n\t\t\t\t\t\t\t\t\t\t\t\t\t\t<li>\n\n<div  class=\"fusion-image-wrapper fusion-image-size-fixed\" aria-haspopup=\"true\">\n\t\n\t\n\t\n\t\t\n\t\t\t\t\t<img width=\"320\" height=\"202\" src=\"https:\/\/adpcosmetics.com\/wp-content\/uploads\/2024\/11\/Niacinamida-y-Zinc-1-320x202.png\" class=\"attachment-blog-medium size-blog-medium wp-post-image\" alt=\"FULL SPECTRUM PROTECTION + DAMAGE PREVENTION + COLOR\" srcset=\"https:\/\/adpcosmetics.com\/wp-content\/uploads\/2024\/11\/Niacinamida-y-Zinc-1-200x126.png 200w, https:\/\/adpcosmetics.com\/wp-content\/uploads\/2024\/11\/Niacinamida-y-Zinc-1-300x189.png 300w, https:\/\/adpcosmetics.com\/wp-content\/uploads\/2024\/11\/Niacinamida-y-Zinc-1-320x202.png 320w, https:\/\/adpcosmetics.com\/wp-content\/uploads\/2024\/11\/Niacinamida-y-Zinc-1-400x252.png 400w, https:\/\/adpcosmetics.com\/wp-content\/uploads\/2024\/11\/Niacinamida-y-Zinc-1-600x379.png 600w, https:\/\/adpcosmetics.com\/wp-content\/uploads\/2024\/11\/Niacinamida-y-Zinc-1-700x441.png 700w, https:\/\/adpcosmetics.com\/wp-content\/uploads\/2024\/11\/Niacinamida-y-Zinc-1-768x485.png 768w, https:\/\/adpcosmetics.com\/wp-content\/uploads\/2024\/11\/Niacinamida-y-Zinc-1-800x505.png 800w, https:\/\/adpcosmetics.com\/wp-content\/uploads\/2024\/11\/Niacinamida-y-Zinc-1.png 1000w\" sizes=\"(max-width: 320px) 100vw, 320px\" \/>\n\t\n\n\t\t<div class=\"fusion-rollover\">\n\t<div class=\"fusion-rollover-content\">\n\n\t\t\t\t\t\t\t\t\t\t\t\t\t\t<a class=\"fusion-rollover-link\" href=\"https:\/\/adpcosmetics.com\/es\/niacinamida-y-zinc-un-duo-poderoso\/\">Niacinamida y Zinc: Un D\u00fao Poderoso para la Salud de la Piel<\/a>\n\t\t\t\n\t\t\t\t\t\t\t\t\t\t\t\t\t\t\n\t\t\t\t\t\t\t\t\n\t\t\t\t\t\t\t\t\t\t\t\t\t<div class=\"fusion-rollover-sep\"><\/div>\n\t\t\t\t\n\t\t\t\t\t\t\t\t\t\t\t\t\t\t\t\t\t\t<a class=\"fusion-rollover-gallery\" href=\"https:\/\/adpcosmetics.com\/wp-content\/uploads\/2024\/11\/Niacinamida-y-Zinc-1.png\" data-id=\"3239\" data-rel=\"iLightbox[gallery]\" data-title=\"Niacinamida y Zinc (1)\" data-caption=\"enhanceUZ-advanced-niacinamide \">\n\t\t\t\t\t\tGaler\u00eda\t\t\t\t\t<\/a>\n\t\t\t\t\t\t\t\t\t\t\t\t\t\t\n\t\t\n\t\t\t\t\t\t\t\t\n\t\t\t\t\t\t\t\t\n\t\t\n\t\t\t\t\t\t<a class=\"fusion-link-wrapper\" href=\"https:\/\/adpcosmetics.com\/es\/niacinamida-y-zinc-un-duo-poderoso\/\" aria-label=\"Niacinamida y Zinc: Un D\u00fao Poderoso para la Salud de la Piel\"><\/a>\n\t<\/div>\n<\/div>\n\n\t\n<\/div>\n<\/li>\n\t\t\t\n\t\t\t\n\t\t\t\t\t\t\t\t\t\t\t\t\t\t\t\t\t\t\t\t\t\t\t\t\t\t\t\t\t\t\t\t\t\t\t\t\t\t\t\t\t\t\t\t\t\t\t\t\t\t\t\t\t\t\t\t\t\t\t\t\t\t\t\t\t\t\t\t<\/ul>\n\t<\/div>\n\t<div class=\"fusion-post-content post-content\"><h2 class=\"blog-shortcode-post-title entry-title\"><a href=\"https:\/\/adpcosmetics.com\/es\/niacinamida-y-zinc-un-duo-poderoso\/\">Niacinamida y Zinc: Un D\u00fao Poderoso para la Salud de la Piel<\/a><\/h2><div class=\"fusion-post-content-container\"><p>En el mundo de la cosm\u00e9tica, la Niacinamida y el Zinc son dos ingredientes estrella, reconocidos por sus m\u00faltiples beneficios para la piel. Estos dos activos no solo ayudan a [...]<\/p><\/div><\/div><div class=\"fusion-clearfix\"><\/div><div class=\"fusion-meta-info\"><div class=\"fusion-alignleft\"><span class=\"vcard\" style=\"display: none;\"><span class=\"fn\"><a href=\"https:\/\/adpcosmetics.com\/es\/author\/marketingad-particles-com\/\" title=\"Entradas de ADP Cosmetics\" rel=\"author\">ADP Cosmetics<\/a><\/span><\/span><span class=\"updated\" style=\"display:none;\">2024-11-21T08:58:37+00:00<\/span><span>21 noviembre 2024<\/span><span class=\"fusion-inline-sep\">|<\/span><\/div><div class=\"fusion-alignright\"><a class=\"fusion-read-more\" href=\"https:\/\/adpcosmetics.com\/es\/niacinamida-y-zinc-un-duo-poderoso\/\" aria-label=\"More on Niacinamida y Zinc: Un D\u00fao Poderoso para la Salud de la Piel\">LEER M\u00c1S<\/a><\/div><\/div><\/article>\n<article id=\"blog-1-post-3223\" class=\"fusion-post-medium post-3223 post type-post status-publish format-standard has-post-thumbnail hentry category-noticias\">\n\t<style type=\"text\/css\">\n\t\t\n\t\t\n\t\t\n\t\t\n\t\t\t<\/style>\n\n\n\t\t\t<div class=\"fusion-flexslider flexslider fusion-flexslider-loading fusion-post-slideshow\" style=\"\">\n\t\t<ul class=\"slides\">\n\t\t\t\n\t\t\t\t\t\t\t\t\t\t\t\t\t\t<li>\n\n<div  class=\"fusion-image-wrapper fusion-image-size-fixed\" aria-haspopup=\"true\">\n\t\n\t\n\t\n\t\t\n\t\t\t\t\t<img width=\"320\" height=\"202\" src=\"https:\/\/adpcosmetics.com\/wp-content\/uploads\/2024\/11\/Skinimalismo-1-320x202.png\" class=\"attachment-blog-medium size-blog-medium wp-post-image\" alt=\"FULL SPECTRUM PROTECTION + DAMAGE PREVENTION + COLOR\" srcset=\"https:\/\/adpcosmetics.com\/wp-content\/uploads\/2024\/11\/Skinimalismo-1-200x126.png 200w, https:\/\/adpcosmetics.com\/wp-content\/uploads\/2024\/11\/Skinimalismo-1-300x189.png 300w, https:\/\/adpcosmetics.com\/wp-content\/uploads\/2024\/11\/Skinimalismo-1-320x202.png 320w, https:\/\/adpcosmetics.com\/wp-content\/uploads\/2024\/11\/Skinimalismo-1-400x253.png 400w, https:\/\/adpcosmetics.com\/wp-content\/uploads\/2024\/11\/Skinimalismo-1-600x379.png 600w, https:\/\/adpcosmetics.com\/wp-content\/uploads\/2024\/11\/Skinimalismo-1-700x441.png 700w, https:\/\/adpcosmetics.com\/wp-content\/uploads\/2024\/11\/Skinimalismo-1-768x485.png 768w, https:\/\/adpcosmetics.com\/wp-content\/uploads\/2024\/11\/Skinimalismo-1.png 800w\" sizes=\"(max-width: 320px) 100vw, 320px\" \/>\n\t\n\n\t\t<div class=\"fusion-rollover\">\n\t<div class=\"fusion-rollover-content\">\n\n\t\t\t\t\t\t\t\t\t\t\t\t\t\t<a class=\"fusion-rollover-link\" href=\"https:\/\/adpcosmetics.com\/es\/skinimalismo-y-proteccion-solar\/\">Skinimalismo y protecci\u00f3n solar: una tendencia en auge<\/a>\n\t\t\t\n\t\t\t\t\t\t\t\t\t\t\t\t\t\t\n\t\t\t\t\t\t\t\t\n\t\t\t\t\t\t\t\t\t\t\t\t\t<div class=\"fusion-rollover-sep\"><\/div>\n\t\t\t\t\n\t\t\t\t\t\t\t\t\t\t\t\t\t\t\t\t\t\t<a class=\"fusion-rollover-gallery\" href=\"https:\/\/adpcosmetics.com\/wp-content\/uploads\/2024\/11\/Skinimalismo-1.png\" data-id=\"3223\" data-rel=\"iLightbox[gallery]\" data-title=\"Skinimalismo\" data-caption=\"\">\n\t\t\t\t\t\tGaler\u00eda\t\t\t\t\t<\/a>\n\t\t\t\t\t\t\t\t\t\t\t\t\t\t\n\t\t\n\t\t\t\t\t\t\t\t\n\t\t\t\t\t\t\t\t\n\t\t\n\t\t\t\t\t\t<a class=\"fusion-link-wrapper\" href=\"https:\/\/adpcosmetics.com\/es\/skinimalismo-y-proteccion-solar\/\" aria-label=\"Skinimalismo y protecci\u00f3n solar: una tendencia en auge\"><\/a>\n\t<\/div>\n<\/div>\n\n\t\n<\/div>\n<\/li>\n\t\t\t\n\t\t\t\n\t\t\t\t\t\t\t\t\t\t\t\t\t\t\t\t\t\t\t\t\t\t\t\t\t\t\t\t\t\t\t\t\t\t\t\t\t\t\t\t\t\t\t\t\t\t\t\t\t\t\t\t\t\t\t\t\t\t\t\t\t\t\t\t\t\t\t\t<\/ul>\n\t<\/div>\n\t<div class=\"fusion-post-content post-content\"><h2 class=\"blog-shortcode-post-title entry-title\"><a href=\"https:\/\/adpcosmetics.com\/es\/skinimalismo-y-proteccion-solar\/\">Skinimalismo y protecci\u00f3n solar: una tendencia en auge<\/a><\/h2><div class=\"fusion-post-content-container\"><p>El skinimalismo, la tendencia de simplificar las rutinas de cuidado de la piel contin\u00faa ganando popularidad en los \u00faltimos a\u00f1os, impulsado por una mayor conciencia sobre la importancia de lo [...]<\/p><\/div><\/div><div class=\"fusion-clearfix\"><\/div><div class=\"fusion-meta-info\"><div class=\"fusion-alignleft\"><span class=\"vcard\" style=\"display: none;\"><span class=\"fn\"><a href=\"https:\/\/adpcosmetics.com\/es\/author\/marketingad-particles-com\/\" title=\"Entradas de ADP Cosmetics\" rel=\"author\">ADP Cosmetics<\/a><\/span><\/span><span class=\"updated\" style=\"display:none;\">2025-06-17T09:28:21+00:00<\/span><span>14 noviembre 2024<\/span><span class=\"fusion-inline-sep\">|<\/span><\/div><div class=\"fusion-alignright\"><a class=\"fusion-read-more\" href=\"https:\/\/adpcosmetics.com\/es\/skinimalismo-y-proteccion-solar\/\" aria-label=\"More on Skinimalismo y protecci\u00f3n solar: una tendencia en auge\">LEER M\u00c1S<\/a><\/div><\/div><\/article>\n<article id=\"blog-1-post-3176\" class=\"fusion-post-medium post-3176 post type-post status-publish format-standard has-post-thumbnail hentry category-noticias\">\n\t<style type=\"text\/css\">\n\t\t\n\t\t\n\t\t\n\t\t\n\t\t\t<\/style>\n\n\n\t\t\t<div class=\"fusion-flexslider flexslider fusion-flexslider-loading fusion-post-slideshow\" style=\"\">\n\t\t<ul class=\"slides\">\n\t\t\t\n\t\t\t\t\t\t\t\t\t\t\t\t\t\t<li>\n\n<div  class=\"fusion-image-wrapper fusion-image-size-fixed\" aria-haspopup=\"true\">\n\t\n\t\n\t\n\t\t\n\t\t\t\t\t<img width=\"320\" height=\"202\" src=\"https:\/\/adpcosmetics.com\/wp-content\/uploads\/2024\/11\/Blog-1-1-320x202.png\" class=\"attachment-blog-medium size-blog-medium wp-post-image\" alt=\"Advanced Mineral Filters for Inclusive, Safe And Sustainable FULL SPECTRUM PROTECTION, Prevention &amp; Color Solutions.\" srcset=\"https:\/\/adpcosmetics.com\/wp-content\/uploads\/2024\/11\/Blog-1-1-200x126.png 200w, https:\/\/adpcosmetics.com\/wp-content\/uploads\/2024\/11\/Blog-1-1-300x189.png 300w, https:\/\/adpcosmetics.com\/wp-content\/uploads\/2024\/11\/Blog-1-1-320x202.png 320w, https:\/\/adpcosmetics.com\/wp-content\/uploads\/2024\/11\/Blog-1-1-400x253.png 400w, https:\/\/adpcosmetics.com\/wp-content\/uploads\/2024\/11\/Blog-1-1-600x379.png 600w, https:\/\/adpcosmetics.com\/wp-content\/uploads\/2024\/11\/Blog-1-1-700x441.png 700w, https:\/\/adpcosmetics.com\/wp-content\/uploads\/2024\/11\/Blog-1-1-768x485.png 768w, https:\/\/adpcosmetics.com\/wp-content\/uploads\/2024\/11\/Blog-1-1-800x505.png 800w, https:\/\/adpcosmetics.com\/wp-content\/uploads\/2024\/11\/Blog-1-1.png 960w\" sizes=\"(max-width: 320px) 100vw, 320px\" \/>\n\t\n\n\t\t<div class=\"fusion-rollover\">\n\t<div class=\"fusion-rollover-content\">\n\n\t\t\t\t\t\t\t\t\t\t\t\t\t\t<a class=\"fusion-rollover-link\" href=\"https:\/\/adpcosmetics.com\/es\/proteccion-solar-mineral-o-quimica-descubre-la-mejor-opcion-para-tu-piel\/\">\u00bfProtecci\u00f3n solar mineral o qu\u00edmica?  \u00a1Descubre la mejor opci\u00f3n para tu piel!<\/a>\n\t\t\t\n\t\t\t\t\t\t\t\t\t\t\t\t\t\t\n\t\t\t\t\t\t\t\t\n\t\t\t\t\t\t\t\t\t\t\t\t\t<div class=\"fusion-rollover-sep\"><\/div>\n\t\t\t\t\n\t\t\t\t\t\t\t\t\t\t\t\t\t\t\t\t\t\t<a class=\"fusion-rollover-gallery\" href=\"https:\/\/adpcosmetics.com\/wp-content\/uploads\/2024\/11\/Blog-1-1.png\" data-id=\"3176\" data-rel=\"iLightbox[gallery]\" data-title=\"\u00bfProtecci\u00f3n solar mineral o qu\u00edmica?  \u00a1Descubre la mejor opci\u00f3n para tu piel!\" data-caption=\"\">\n\t\t\t\t\t\tGaler\u00eda\t\t\t\t\t<\/a>\n\t\t\t\t\t\t\t\t\t\t\t\t\t\t\n\t\t\n\t\t\t\t\t\t\t\t\n\t\t\t\t\t\t\t\t\n\t\t\n\t\t\t\t\t\t<a class=\"fusion-link-wrapper\" href=\"https:\/\/adpcosmetics.com\/es\/proteccion-solar-mineral-o-quimica-descubre-la-mejor-opcion-para-tu-piel\/\" aria-label=\"\u00bfProtecci\u00f3n solar mineral o qu\u00edmica?  \u00a1Descubre la mejor opci\u00f3n para tu piel!\"><\/a>\n\t<\/div>\n<\/div>\n\n\t\n<\/div>\n<\/li>\n\t\t\t\n\t\t\t\n\t\t\t\t\t\t\t\t\t\t\t\t\t\t\t\t\t\t\t\t\t\t\t\t\t\t\t\t\t\t\t\t\t\t\t\t\t\t\t\t\t\t\t\t\t\t\t\t\t\t\t\t\t\t\t\t\t\t\t\t\t\t\t\t\t\t\t\t<\/ul>\n\t<\/div>\n\t<div class=\"fusion-post-content post-content\"><h2 class=\"blog-shortcode-post-title entry-title\"><a href=\"https:\/\/adpcosmetics.com\/es\/proteccion-solar-mineral-o-quimica-descubre-la-mejor-opcion-para-tu-piel\/\">\u00bfProtecci\u00f3n solar mineral o qu\u00edmica?  \u00a1Descubre la mejor opci\u00f3n para tu piel!<\/a><\/h2><div class=\"fusion-post-content-container\"><p>\u00bfProtecci\u00f3n solar mineral o qu\u00edmica? \u00a1Descubre la mejor opci\u00f3n para tu piel! La protecci\u00f3n solar es una de las estrategias m\u00e1s importantes en el cuidado de la piel y la [...]<\/p><\/div><\/div><div class=\"fusion-clearfix\"><\/div><div class=\"fusion-meta-info\"><div class=\"fusion-alignleft\"><span class=\"vcard\" style=\"display: none;\"><span class=\"fn\"><a href=\"https:\/\/adpcosmetics.com\/es\/author\/marketingad-particles-com\/\" title=\"Entradas de ADP Cosmetics\" rel=\"author\">ADP Cosmetics<\/a><\/span><\/span><span class=\"updated\" style=\"display:none;\">2025-01-16T15:47:19+00:00<\/span><span>7 noviembre 2024<\/span><span class=\"fusion-inline-sep\">|<\/span><\/div><div class=\"fusion-alignright\"><a class=\"fusion-read-more\" href=\"https:\/\/adpcosmetics.com\/es\/proteccion-solar-mineral-o-quimica-descubre-la-mejor-opcion-para-tu-piel\/\" aria-label=\"More on \u00bfProtecci\u00f3n solar mineral o qu\u00edmica?  \u00a1Descubre la mejor opci\u00f3n para tu piel!\">LEER M\u00c1S<\/a><\/div><\/div><\/article>\n<\/div><div class=\"fusion-infinite-scroll-trigger\"><\/div><div class=\"pagination infinite-scroll clearfix\" style=\"display:none;\"><span class=\"current\">1<\/span><a href=\"https:\/\/adpcosmetics.com\/es\/wp-json\/wp\/v2\/pages\/20\/page\/2\/\" class=\"inactive\">2<\/a><a class=\"pagination-next\" rel=\"next\" href=\"https:\/\/adpcosmetics.com\/es\/wp-json\/wp\/v2\/pages\/20\/page\/2\/\"><span class=\"page-text\">Siguiente<\/span><span class=\"page-next\"><\/span><\/a><\/div><div class=\"fusion-clearfix\"><\/div><\/div><\/div><style type=\"text\/css\">.fusion-body .fusion-builder-column-4{width:100% !important;margin-top : 0px;margin-bottom : 20px;}.fusion-builder-column-4 > .fusion-column-wrapper {padding-top : 0px !important;padding-right : 0px !important;margin-right : 1.92%;padding-bottom : 0px !important;padding-left : 0px !important;margin-left : 1.92%;}@media only screen and (max-width:1024px) {.fusion-body .fusion-builder-column-4{width:100% !important;order : 0;}.fusion-builder-column-4 > .fusion-column-wrapper {margin-right : 1.92%;margin-left : 1.92%;}}@media only screen and (max-width:640px) {.fusion-body .fusion-builder-column-4{width:100% !important;order : 0;}.fusion-builder-column-4 > .fusion-column-wrapper {margin-right : 1.92%;margin-left : 1.92%;}}<\/style><\/div><\/div><style type=\"text\/css\">.fusion-body .fusion-flex-container.fusion-builder-row-5{ padding-top : 50px;margin-top : 0px;padding-right : 5%;padding-bottom : 50px;margin-bottom : 0px;padding-left : 5%;}<\/style><\/div>\n","protected":false},"excerpt":{"rendered":"","protected":false},"author":1,"featured_media":0,"parent":0,"menu_order":0,"comment_status":"closed","ping_status":"closed","template":"100-width.php","meta":[],"_links":{"self":[{"href":"https:\/\/adpcosmetics.com\/es\/wp-json\/wp\/v2\/pages\/20"}],"collection":[{"href":"https:\/\/adpcosmetics.com\/es\/wp-json\/wp\/v2\/pages"}],"about":[{"href":"https:\/\/adpcosmetics.com\/es\/wp-json\/wp\/v2\/types\/page"}],"author":[{"embeddable":true,"href":"https:\/\/adpcosmetics.com\/es\/wp-json\/wp\/v2\/users\/1"}],"replies":[{"embeddable":true,"href":"https:\/\/adpcosmetics.com\/es\/wp-json\/wp\/v2\/comments?post=20"}],"version-history":[{"count":4,"href":"https:\/\/adpcosmetics.com\/es\/wp-json\/wp\/v2\/pages\/20\/revisions"}],"predecessor-version":[{"id":3122,"href":"https:\/\/adpcosmetics.com\/es\/wp-json\/wp\/v2\/pages\/20\/revisions\/3122"}],"wp:attachment":[{"href":"https:\/\/adpcosmetics.com\/es\/wp-json\/wp\/v2\/media?parent=20"}],"curies":[{"name":"wp","href":"https:\/\/api.w.org\/{rel}","templated":true}]}}